{"id":3435,"date":"2026-03-16T08:12:07","date_gmt":"2026-03-16T08:12:07","guid":{"rendered":"https:\/\/racreformas.es\/?page_id=3435"},"modified":"2026-03-16T08:54:20","modified_gmt":"2026-03-16T08:54:20","slug":"politica-de-privacidad","status":"publish","type":"page","link":"https:\/\/racreformas.es\/en\/politica-de-privacidad\/","title":{"rendered":"Pol\u00edtica de Privacidad"},"content":{"rendered":"<div data-elementor-type=\"wp-page\" data-elementor-id=\"3435\" class=\"elementor elementor-3435\">\n\t\t\t\t<div class=\"elementor-element elementor-element-5362855 e-flex e-con-boxed e-con e-parent\" data-id=\"5362855\" data-element_type=\"container\" data-e-type=\"container\">\n\t\t\t\t\t<div class=\"e-con-inner\">\n\t\t\t\t<div class=\"elementor-element elementor-element-719ae62 elementor-widget elementor-widget-heading\" data-id=\"719ae62\" data-element_type=\"widget\" data-e-type=\"widget\" data-widget_type=\"heading.default\">\n\t\t\t\t<div class=\"elementor-widget-container\">\n\t\t\t\t\t<h2 class=\"elementor-heading-title elementor-size-default\">Pol\u00edtica de Privacidad<\/h2>\t\t\t\t<\/div>\n\t\t\t\t<\/div>\n\t\t\t\t<div class=\"elementor-element elementor-element-dd6e6e9 elementor-widget elementor-widget-text-editor\" data-id=\"dd6e6e9\" data-element_type=\"widget\" data-e-type=\"widget\" data-widget_type=\"text-editor.default\">\n\t\t\t\t<div class=\"elementor-widget-container\">\n\t\t\t\t\t\t\t\t\t<h2 data-section-id=\"kt5j8d\" data-start=\"226\" data-end=\"259\">1. Responsable del tratamiento<\/h2><p data-start=\"261\" data-end=\"541\">En cumplimiento de lo dispuesto en el <strong data-start=\"299\" data-end=\"334\">Reglamento (UE) 2016\/679 (RGPD)<\/strong> y en la <strong data-start=\"343\" data-end=\"436\">Ley Org\u00e1nica 3\/2018 de Protecci\u00f3n de Datos y Garant\u00eda de los Derechos Digitales (LOPDGDD)<\/strong>, se informa que los datos personales que puedan recogerse a trav\u00e9s de este sitio web ser\u00e1n tratados por:<\/p><p data-start=\"543\" data-end=\"759\"><strong data-start=\"543\" data-end=\"564\">Nombre comercial:<\/strong> RAC Reformas<br data-start=\"577\" data-end=\"580\" \/><strong data-start=\"580\" data-end=\"597\">Raz\u00f3n social:<\/strong> AJE Event Producciones SL<br data-start=\"623\" data-end=\"626\" \/><strong data-start=\"626\" data-end=\"634\">CIF:<\/strong> B10839017<br data-start=\"644\" data-end=\"647\" \/><strong data-start=\"647\" data-end=\"661\">Direcci\u00f3n:<\/strong> Calle Nen\u00fafar 6<br data-start=\"677\" data-end=\"680\" \/><strong data-start=\"680\" data-end=\"693\">Tel\u00e9fono:<\/strong> 607 647 517<br data-start=\"705\" data-end=\"708\" \/><strong data-start=\"708\" data-end=\"731\">Correo electr\u00f3nico:<\/strong> <a class=\"decorated-link cursor-pointer\" rel=\"noopener\" data-start=\"732\" data-end=\"759\">rac.reforms.spain@gmail.com<\/a><\/p><hr data-start=\"761\" data-end=\"764\" \/><h2 data-section-id=\"9tuxnu\" data-start=\"766\" data-end=\"810\">2. Finalidad del tratamiento de los datos<\/h2><p data-start=\"812\" data-end=\"975\">Los datos personales que el usuario facilite a trav\u00e9s de los formularios de contacto o mediante comunicaci\u00f3n directa ser\u00e1n tratados con las siguientes finalidades:<\/p><ul data-start=\"977\" data-end=\"1255\"><li data-section-id=\"1lvpr9o\" data-start=\"977\" data-end=\"1028\"><p data-start=\"979\" data-end=\"1028\">Atender consultas o solicitudes de informaci\u00f3n.<\/p><\/li><li data-section-id=\"h1f1tc\" data-start=\"1029\" data-end=\"1070\"><p data-start=\"1031\" data-end=\"1070\">Gestionar solicitudes de presupuesto.<\/p><\/li><li data-section-id=\"17vpwdc\" data-start=\"1071\" data-end=\"1133\"><p data-start=\"1073\" data-end=\"1133\">Mantener comunicaci\u00f3n con clientes y potenciales clientes.<\/p><\/li><li data-section-id=\"x9am8e\" data-start=\"1134\" data-end=\"1204\"><p data-start=\"1136\" data-end=\"1204\">Gestionar la prestaci\u00f3n de los servicios ofrecidos por la empresa.<\/p><\/li><li data-section-id=\"6pb3la\" data-start=\"1205\" data-end=\"1255\"><p data-start=\"1207\" data-end=\"1255\">Cumplir con las obligaciones legales aplicables.<\/p><\/li><\/ul><p data-start=\"1257\" data-end=\"1447\">Los datos facilitados se conservar\u00e1n \u00fanicamente durante el tiempo necesario para cumplir con la finalidad para la que fueron recabados o mientras exista una obligaci\u00f3n legal de conservaci\u00f3n.<\/p><hr data-start=\"1449\" data-end=\"1452\" \/><h2 data-section-id=\"akia94\" data-start=\"1454\" data-end=\"1505\">3. Legitimaci\u00f3n para el tratamiento de los datos<\/h2><p data-start=\"1507\" data-end=\"1568\">La base legal para el tratamiento de los datos personales es:<\/p><ul data-start=\"1570\" data-end=\"1786\"><li data-section-id=\"89o53c\" data-start=\"1570\" data-end=\"1642\"><p data-start=\"1572\" data-end=\"1642\">El <strong data-start=\"1575\" data-end=\"1605\">consentimiento del usuario<\/strong> al contactar o enviar formularios.<\/p><\/li><li data-section-id=\"opfb7u\" data-start=\"1643\" data-end=\"1739\"><p data-start=\"1645\" data-end=\"1739\">La <strong data-start=\"1648\" data-end=\"1690\">ejecuci\u00f3n de un contrato o precontrato<\/strong> en caso de solicitar servicios o presupuestos.<\/p><\/li><li data-section-id=\"tox5f6\" data-start=\"1740\" data-end=\"1786\"><p data-start=\"1742\" data-end=\"1786\">El <strong data-start=\"1745\" data-end=\"1785\">cumplimiento de obligaciones legales<\/strong>.<\/p><\/li><\/ul><hr data-start=\"1788\" data-end=\"1791\" \/><h2 data-section-id=\"1252fjl\" data-start=\"1793\" data-end=\"1825\">4. Destinatarios de los datos<\/h2><p data-start=\"1827\" data-end=\"1998\">Los datos personales no ser\u00e1n cedidos a terceros, salvo cuando exista una obligaci\u00f3n legal o cuando sea necesario para la correcta prestaci\u00f3n de los servicios contratados.<\/p><p data-start=\"2000\" data-end=\"2238\">En determinados casos podr\u00e1n intervenir proveedores que prestan servicios tecnol\u00f3gicos o de mantenimiento web, quienes actuar\u00e1n como <strong data-start=\"2133\" data-end=\"2163\">encargados del tratamiento<\/strong> y estar\u00e1n sujetos a las correspondientes obligaciones de confidencialidad.<\/p><hr data-start=\"2240\" data-end=\"2243\" \/><h2 data-section-id=\"x8yvln\" data-start=\"2245\" data-end=\"2275\">5. Derechos de los usuarios<\/h2><p data-start=\"2277\" data-end=\"2304\">El usuario tiene derecho a:<\/p><ul data-start=\"2306\" data-end=\"2591\"><li data-section-id=\"1l4yqme\" data-start=\"2306\" data-end=\"2341\"><p data-start=\"2308\" data-end=\"2341\">Acceder a sus datos personales.<\/p><\/li><li data-section-id=\"otd234\" data-start=\"2342\" data-end=\"2392\"><p data-start=\"2344\" data-end=\"2392\">Solicitar la rectificaci\u00f3n de datos inexactos.<\/p><\/li><li data-section-id=\"8liuei\" data-start=\"2393\" data-end=\"2462\"><p data-start=\"2395\" data-end=\"2462\">Solicitar la supresi\u00f3n de sus datos cuando ya no sean necesarios.<\/p><\/li><li data-section-id=\"1c0qihj\" data-start=\"2463\" data-end=\"2507\"><p data-start=\"2465\" data-end=\"2507\">Solicitar la limitaci\u00f3n del tratamiento.<\/p><\/li><li data-section-id=\"1a778yz\" data-start=\"2508\" data-end=\"2549\"><p data-start=\"2510\" data-end=\"2549\">Oponerse al tratamiento de sus datos.<\/p><\/li><li data-section-id=\"sx7dsh\" data-start=\"2550\" data-end=\"2591\"><p data-start=\"2552\" data-end=\"2591\">Solicitar la portabilidad de sus datos.<\/p><\/li><\/ul><p data-start=\"2593\" data-end=\"2670\">Para ejercer estos derechos puede enviar una solicitud al correo electr\u00f3nico:<\/p><p data-start=\"2672\" data-end=\"2703\"><strong data-start=\"2672\" data-end=\"2703\"><a class=\"decorated-link cursor-pointer\" rel=\"noopener\" data-start=\"2674\" data-end=\"2701\">rac.reforms.spain@gmail.com<\/a><\/strong><\/p><p data-start=\"2705\" data-end=\"2753\">Indicando en el asunto: <strong data-start=\"2729\" data-end=\"2752\">Protecci\u00f3n de Datos<\/strong>.<\/p><p data-start=\"2755\" data-end=\"2932\">Asimismo, si considera que sus derechos no han sido respetados, puede presentar una reclamaci\u00f3n ante la <strong data-start=\"2859\" data-end=\"2909\">Agencia Espa\u00f1ola de Protecci\u00f3n de Datos (AEPD)<\/strong>:<br data-start=\"2910\" data-end=\"2913\" \/><a class=\"decorated-link\" href=\"https:\/\/www.aepd.es\" target=\"_new\" rel=\"noopener\" data-start=\"2913\" data-end=\"2932\">https:\/\/www.aepd.es<\/a><\/p><hr data-start=\"2934\" data-end=\"2937\" \/><h2 data-section-id=\"i4jssf\" data-start=\"2939\" data-end=\"2967\">6. Seguridad de los datos<\/h2><p data-start=\"2969\" data-end=\"3158\">RAC Reformas adopta las medidas t\u00e9cnicas y organizativas necesarias para garantizar la seguridad de los datos personales y evitar su alteraci\u00f3n, p\u00e9rdida, tratamiento o acceso no autorizado.<\/p><hr data-start=\"3160\" data-end=\"3163\" \/><h2 data-section-id=\"ur12qg\" data-start=\"3165\" data-end=\"3214\">7. Modificaciones de la pol\u00edtica de privacidad<\/h2><p data-start=\"3216\" data-end=\"3384\">RAC Reformas se reserva el derecho de modificar la presente Pol\u00edtica de Privacidad para adaptarla a novedades legislativas o cambios en el funcionamiento del sitio web.<\/p>\t\t\t\t\t\t\t\t<\/div>\n\t\t\t\t<\/div>\n\t\t\t\t\t<\/div>\n\t\t\t\t<\/div>\n\t\t\t\t<\/div>","protected":false},"excerpt":{"rendered":"<p>Pol\u00edtica de Privacidad 1. Responsable del tratamiento En cumplimiento de lo dispuesto en el Reglamento (UE) 2016\/679 (RGPD) y en la Ley Org\u00e1nica 3\/2018 de Protecci\u00f3n de Datos y Garant\u00eda de los Derechos Digitales (LOPDGDD), se informa que los datos personales que puedan recogerse a trav\u00e9s de este sitio web ser\u00e1n tratados por: Nombre comercial: [&hellip;]<\/p>\n","protected":false},"author":1,"featured_media":0,"parent":0,"menu_order":0,"comment_status":"closed","ping_status":"closed","template":"","meta":{"_uag_custom_page_level_css":"","site-sidebar-layout":"no-sidebar","site-content-layout":"page-builder","ast-site-content-layout":"full-width-container","site-content-style":"default","site-sidebar-style":"default","ast-global-header-display":"","ast-banner-title-visibility":"","ast-main-header-display":"","ast-hfb-above-header-display":"","ast-hfb-below-header-display":"","ast-hfb-mobile-header-display":"","site-post-title":"disabled","ast-breadcrumbs-content":"","ast-featured-img":"disabled","footer-sml-layout":"","ast-disable-related-posts":"","theme-transparent-header-meta":"","adv-header-id-meta":"","stick-header-meta":"","header-above-stick-meta":"","header-main-stick-meta":"","header-below-stick-meta":"","astra-migrate-meta-layouts":"set","ast-page-background-enabled":"default","ast-page-background-meta":{"desktop":{"background-color":"","background-image":"","background-repeat":"repeat","background-position":"center center","background-size":"auto","background-attachment":"scroll","background-type":"","background-media":"","overlay-type":"","overlay-color":"","overlay-opacity":"","overlay-gradient":""},"tablet":{"background-color":"","background-image":"","background-repeat":"repeat","background-position":"center center","background-size":"auto","background-attachment":"scroll","background-type":"","background-media":"","overlay-type":"","overlay-color":"","overlay-opacity":"","overlay-gradient":""},"mobile":{"background-color":"","background-image":"","background-repeat":"repeat","background-position":"center center","background-size":"auto","background-attachment":"scroll","background-type":"","background-media":"","overlay-type":"","overlay-color":"","overlay-opacity":"","overlay-gradient":""}},"ast-content-background-meta":{"desktop":{"background-color":"var(--ast-global-color-5)","background-image":"","background-repeat":"repeat","background-position":"center center","background-size":"auto","background-attachment":"scroll","background-type":"","background-media":"","overlay-type":"","overlay-color":"","overlay-opacity":"","overlay-gradient":""},"tablet":{"background-color":"var(--ast-global-color-5)","background-image":"","background-repeat":"repeat","background-position":"center center","background-size":"auto","background-attachment":"scroll","background-type":"","background-media":"","overlay-type":"","overlay-color":"","overlay-opacity":"","overlay-gradient":""},"mobile":{"background-color":"var(--ast-global-color-5)","background-image":"","background-repeat":"repeat","background-position":"center center","background-size":"auto","background-attachment":"scroll","background-type":"","background-media":"","overlay-type":"","overlay-color":"","overlay-opacity":"","overlay-gradient":""}},"footnotes":""},"class_list":["post-3435","page","type-page","status-publish","hentry"],"aioseo_notices":[],"_hostinger_reach_plugin_has_subscription_block":false,"_hostinger_reach_plugin_is_elementor":false,"uagb_featured_image_src":{"full":false,"thumbnail":false,"medium":false,"medium_large":false,"large":false,"1536x1536":false,"2048x2048":false,"trp-custom-language-flag":false},"uagb_author_info":{"display_name":"racreformas4@gmail.com","author_link":"https:\/\/racreformas.es\/en\/author\/racreformas4gmail-com\/"},"uagb_comment_info":0,"uagb_excerpt":"Pol\u00edtica de Privacidad 1. Responsable del tratamiento En cumplimiento de lo dispuesto en el Reglamento (UE) 2016\/679 (RGPD) y en la Ley Org\u00e1nica 3\/2018 de Protecci\u00f3n de Datos y Garant\u00eda de los Derechos Digitales (LOPDGDD), se informa que los datos personales que puedan recogerse a trav\u00e9s de este sitio web ser\u00e1n tratados por: Nombre comercial:&hellip;","_links":{"self":[{"href":"https:\/\/racreformas.es\/en\/wp-json\/wp\/v2\/pages\/3435","targetHints":{"allow":["GET"]}}],"collection":[{"href":"https:\/\/racreformas.es\/en\/wp-json\/wp\/v2\/pages"}],"about":[{"href":"https:\/\/racreformas.es\/en\/wp-json\/wp\/v2\/types\/page"}],"author":[{"embeddable":true,"href":"https:\/\/racreformas.es\/en\/wp-json\/wp\/v2\/users\/1"}],"replies":[{"embeddable":true,"href":"https:\/\/racreformas.es\/en\/wp-json\/wp\/v2\/comments?post=3435"}],"version-history":[{"count":7,"href":"https:\/\/racreformas.es\/en\/wp-json\/wp\/v2\/pages\/3435\/revisions"}],"predecessor-version":[{"id":3470,"href":"https:\/\/racreformas.es\/en\/wp-json\/wp\/v2\/pages\/3435\/revisions\/3470"}],"wp:attachment":[{"href":"https:\/\/racreformas.es\/en\/wp-json\/wp\/v2\/media?parent=3435"}],"curies":[{"name":"wp","href":"https:\/\/api.w.org\/{rel}","templated":true}]}}